{"id":467,"date":"2020-04-16T11:57:33","date_gmt":"2020-04-16T11:57:33","guid":{"rendered":"http:\/\/k1.arminia-strassburg.de\/?page_id=467"},"modified":"2020-10-06T17:43:36","modified_gmt":"2020-10-06T17:43:36","slug":"chilenische-freundschaftsbuende","status":"publish","type":"page","link":"http:\/\/k1.arminia-strassburg.de\/?page_id=467","title":{"rendered":"Chilenische Freundschaftsb\u00fcnde"},"content":{"rendered":"\t\t<div data-elementor-type=\"wp-page\" data-elementor-id=\"467\" class=\"elementor elementor-467\" data-elementor-post-type=\"page\">\n\t\t\t\t\t\t<section class=\"elementor-section elementor-top-section elementor-element elementor-element-4811546 elementor-section-boxed elementor-section-height-default elementor-section-height-default\" data-id=\"4811546\" data-element_type=\"section\" data-e-type=\"section\">\n\t\t\t\t\t\t<div class=\"elementor-container elementor-column-gap-default\">\n\t\t\t\t\t<div class=\"elementor-column elementor-col-100 elementor-top-column elementor-element elementor-element-42c3abb\" data-id=\"42c3abb\" data-element_type=\"column\" data-e-type=\"column\">\n\t\t\t<div class=\"elementor-widget-wrap elementor-element-populated\">\n\t\t\t\t\t\t<div class=\"elementor-element elementor-element-68fe44c elementor-widget elementor-widget-text-editor\" data-id=\"68fe44c\" data-element_type=\"widget\" data-e-type=\"widget\" data-widget_type=\"text-editor.default\">\n\t\t\t\t<div class=\"elementor-widget-container\">\n\t\t\t\t\t\t\t\t\t<p>Egal ob Rundreise oder ein komplettes Semester voller studentischem und interkulturellem Austausch, die insgesamt f\u00fcnf befreundeten Chilenischen Burschenschaften freuen sich auf Dich!<\/p><p>Dieser Austausch beruht nat\u00fcrlich auf Gegenseitigkeit. Regelm\u00e4\u00dfig d\u00fcrfen auch wir Austauschstudenten aus Chile begr\u00fc\u00dfen.\u00a0<span style=\"font-size: 1rem;\">Und so entstehen oft internationale Freundschaften und Kontakte die weit \u00fcber die Studienzeit hinaus bestehen.<\/span><\/p>\t\t\t\t\t\t\t\t<\/div>\n\t\t\t\t<\/div>\n\t\t\t\t\t<\/div>\n\t\t<\/div>\n\t\t\t\t\t<\/div>\n\t\t<\/section>\n\t\t\t\t<section class=\"elementor-section elementor-top-section elementor-element elementor-element-4281c08 elementor-section-boxed elementor-section-height-default elementor-section-height-default\" data-id=\"4281c08\" data-element_type=\"section\" data-e-type=\"section\">\n\t\t\t\t\t\t<div class=\"elementor-container elementor-column-gap-default\">\n\t\t\t\t\t<div class=\"elementor-column elementor-col-100 elementor-top-column elementor-element elementor-element-0d9e26c\" data-id=\"0d9e26c\" data-element_type=\"column\" data-e-type=\"column\">\n\t\t\t<div class=\"elementor-widget-wrap elementor-element-populated\">\n\t\t\t\t\t\t<div class=\"elementor-element elementor-element-ccf37d0 elementor-widget elementor-widget-image\" data-id=\"ccf37d0\" data-element_type=\"widget\" data-e-type=\"widget\" data-widget_type=\"image.default\">\n\t\t\t\t<div class=\"elementor-widget-container\">\n\t\t\t\t\t\t\t\t\t\t\t\t\t\t\t<img fetchpriority=\"high\" decoding=\"async\" width=\"225\" height=\"300\" src=\"http:\/\/k1.arminia-strassburg.de\/wp-content\/uploads\/2020\/04\/IMG-20190612-WA0005-225x300.jpg\" class=\"attachment-medium size-medium wp-image-312\" alt=\"\" srcset=\"http:\/\/k1.arminia-strassburg.de\/wp-content\/uploads\/2020\/04\/IMG-20190612-WA0005-225x300.jpg 225w, http:\/\/k1.arminia-strassburg.de\/wp-content\/uploads\/2020\/04\/IMG-20190612-WA0005-768x1024.jpg 768w, http:\/\/k1.arminia-strassburg.de\/wp-content\/uploads\/2020\/04\/IMG-20190612-WA0005-1152x1536.jpg 1152w, http:\/\/k1.arminia-strassburg.de\/wp-content\/uploads\/2020\/04\/IMG-20190612-WA0005.jpg 1200w\" sizes=\"100vw\" \/>\t\t\t\t\t\t\t\t\t\t\t\t\t\t\t<\/div>\n\t\t\t\t<\/div>\n\t\t\t\t\t<\/div>\n\t\t<\/div>\n\t\t\t\t\t<\/div>\n\t\t<\/section>\n\t\t\t\t<section class=\"elementor-section elementor-top-section elementor-element elementor-element-2ca748e elementor-section-boxed elementor-section-height-default elementor-section-height-default\" data-id=\"2ca748e\" data-element_type=\"section\" data-e-type=\"section\">\n\t\t\t\t\t\t<div class=\"elementor-container elementor-column-gap-default\">\n\t\t\t\t\t<div class=\"elementor-column elementor-col-100 elementor-top-column elementor-element elementor-element-e15dc0f\" data-id=\"e15dc0f\" data-element_type=\"column\" data-e-type=\"column\">\n\t\t\t<div class=\"elementor-widget-wrap elementor-element-populated\">\n\t\t\t\t\t\t<div class=\"elementor-element elementor-element-8263f69 elementor-widget elementor-widget-toggle\" data-id=\"8263f69\" data-element_type=\"widget\" data-e-type=\"widget\" data-widget_type=\"toggle.default\">\n\t\t\t\t<div class=\"elementor-widget-container\">\n\t\t\t\t\t\t\t<div class=\"elementor-toggle\">\n\t\t\t\t\t\t\t<div class=\"elementor-toggle-item\">\n\t\t\t\t\t<div id=\"elementor-tab-title-1361\" class=\"elementor-tab-title\" data-tab=\"1\" role=\"button\" aria-controls=\"elementor-tab-content-1361\" aria-expanded=\"false\">\n\t\t\t\t\t\t\t\t\t\t\t\t<span class=\"elementor-toggle-icon elementor-toggle-icon-left\" aria-hidden=\"true\">\n\t\t\t\t\t\t\t\t\t\t\t\t\t\t\t<span class=\"elementor-toggle-icon-closed\"><i class=\"fas fa-caret-right\"><\/i><\/span>\n\t\t\t\t\t\t\t\t<span class=\"elementor-toggle-icon-opened\"><i class=\"elementor-toggle-icon-opened fas fa-caret-up\"><\/i><\/span>\n\t\t\t\t\t\t\t\t\t\t\t\t\t<\/span>\n\t\t\t\t\t\t\t\t\t\t\t\t<a class=\"elementor-toggle-title\" tabindex=\"0\">Deutsche Tradition in Chile<\/a>\n\t\t\t\t\t<\/div>\n\n\t\t\t\t\t<div id=\"elementor-tab-content-1361\" class=\"elementor-tab-content elementor-clearfix\" data-tab=\"1\" role=\"region\" aria-labelledby=\"elementor-tab-title-1361\"><p>1843 begann die organisierte Einwanderung von Deutschen nach Chile. Die Einwanderer brachten das typisch deutsche Vereinswesen mitsamt seinen Traditionen in ihre neue Heimat mit. Die Nachfahren deutscher Einwanderer gr\u00fcndeten im Jahre 1896 in Santiago de Chile, gemeinsam mit der Burschenschaft Araucania, die erste von derzeit f\u00fcnf Burschenschaften in Chile.&nbsp;<\/p><\/div>\n\t\t\t\t<\/div>\n\t\t\t\t\t\t\t<div class=\"elementor-toggle-item\">\n\t\t\t\t\t<div id=\"elementor-tab-title-1362\" class=\"elementor-tab-title\" data-tab=\"2\" role=\"button\" aria-controls=\"elementor-tab-content-1362\" aria-expanded=\"false\">\n\t\t\t\t\t\t\t\t\t\t\t\t<span class=\"elementor-toggle-icon elementor-toggle-icon-left\" aria-hidden=\"true\">\n\t\t\t\t\t\t\t\t\t\t\t\t\t\t\t<span class=\"elementor-toggle-icon-closed\"><i class=\"fas fa-caret-right\"><\/i><\/span>\n\t\t\t\t\t\t\t\t<span class=\"elementor-toggle-icon-opened\"><i class=\"elementor-toggle-icon-opened fas fa-caret-up\"><\/i><\/span>\n\t\t\t\t\t\t\t\t\t\t\t\t\t<\/span>\n\t\t\t\t\t\t\t\t\t\t\t\t<a class=\"elementor-toggle-title\" tabindex=\"0\">Bund Chilenischer Burschenschaften<\/a>\n\t\t\t\t\t<\/div>\n\n\t\t\t\t\t<div id=\"elementor-tab-content-1362\" class=\"elementor-tab-content elementor-clearfix\" data-tab=\"2\" role=\"region\" aria-labelledby=\"elementor-tab-title-1362\"><p>1959 wurde von drei der damals vier chilenischen Burschenschaften der Deligiertenconvent Chilenischer Burschenschaften (DCCB) gegr\u00fcndet. Dieser sollte die Zusammenarbeit der einzelnen Burschenschaften verbessern und au\u00dferdem ein geschlossenes Auftreten gegen\u00fcber der Deutschen Burschenschaften erm\u00f6glichen, welche den chilenischen Burschenschaften ein Freundschafts- und Arbeitsabkommen angeboten hatten.<\/p>\n<p>Der BCB wurde am 30. Mai 1966 aus dem DCCB heraus von den drei Burschenschaften Araucania, Montania und Andinia gegr\u00fcndet. Am 15. Oktober desselben Jahres traten auch die Burschenschaften Ripuaria und Vulkania dem BCB bei.<\/p><\/div>\n\t\t\t\t<\/div>\n\t\t\t\t\t\t\t<div class=\"elementor-toggle-item\">\n\t\t\t\t\t<div id=\"elementor-tab-title-1363\" class=\"elementor-tab-title\" data-tab=\"3\" role=\"button\" aria-controls=\"elementor-tab-content-1363\" aria-expanded=\"false\">\n\t\t\t\t\t\t\t\t\t\t\t\t<span class=\"elementor-toggle-icon elementor-toggle-icon-left\" aria-hidden=\"true\">\n\t\t\t\t\t\t\t\t\t\t\t\t\t\t\t<span class=\"elementor-toggle-icon-closed\"><i class=\"fas fa-caret-right\"><\/i><\/span>\n\t\t\t\t\t\t\t\t<span class=\"elementor-toggle-icon-opened\"><i class=\"elementor-toggle-icon-opened fas fa-caret-up\"><\/i><\/span>\n\t\t\t\t\t\t\t\t\t\t\t\t\t<\/span>\n\t\t\t\t\t\t\t\t\t\t\t\t<a class=\"elementor-toggle-title\" tabindex=\"0\">Mitglieder<\/a>\n\t\t\t\t\t<\/div>\n\n\t\t\t\t\t<div id=\"elementor-tab-content-1363\" class=\"elementor-tab-content elementor-clearfix\" data-tab=\"3\" role=\"region\" aria-labelledby=\"elementor-tab-title-1363\"><p><span style=\"font-size: 1rem;\">Derzeit geh\u00f6ren dem BCB alle f\u00fcnf Burschenschaften in Chile an:<\/span><\/p><ul><li style=\"text-align: left;\">Burschenschaft Araucania (Santiago de Chile), gegr\u00fcndet 1896<\/li><li>Burschenschaft Montania (Concepci\u00f3n), gegr\u00fcndet 1924<\/li><li>Burschenschaft Andinia (Santiago de Chile), gegr\u00fcndet 1926<\/li><li>Burschenschaft Ripuaria (Valparaiso), gegr\u00fcndet 1949<\/li><li>Burschenschaft Vulkania (Valdivia), gegr\u00fcndet 1962<\/li><\/ul><\/div>\n\t\t\t\t<\/div>\n\t\t\t\t\t\t\t\t<\/div>\n\t\t\t\t\t\t<\/div>\n\t\t\t\t<\/div>\n\t\t\t\t\t<\/div>\n\t\t<\/div>\n\t\t\t\t\t<\/div>\n\t\t<\/section>\n\t\t\t\t<section class=\"elementor-section elementor-top-section elementor-element elementor-element-2e2d39a elementor-section-boxed elementor-section-height-default elementor-section-height-default\" data-id=\"2e2d39a\" data-element_type=\"section\" data-e-type=\"section\">\n\t\t\t\t\t\t<div class=\"elementor-container elementor-column-gap-default\">\n\t\t\t\t\t<div class=\"elementor-column elementor-col-100 elementor-top-column elementor-element elementor-element-43c1b3a\" data-id=\"43c1b3a\" data-element_type=\"column\" data-e-type=\"column\">\n\t\t\t<div class=\"elementor-widget-wrap elementor-element-populated\">\n\t\t\t\t\t\t<div class=\"elementor-element elementor-element-a068cf9 elementor-widget elementor-widget-image\" data-id=\"a068cf9\" data-element_type=\"widget\" data-e-type=\"widget\" data-widget_type=\"image.default\">\n\t\t\t\t<div class=\"elementor-widget-container\">\n\t\t\t\t\t\t\t\t\t\t\t\t<figure class=\"wp-caption\">\n\t\t\t\t\t\t\t\t\t\t<img decoding=\"async\" width=\"212\" height=\"300\" src=\"http:\/\/k1.arminia-strassburg.de\/wp-content\/uploads\/2020\/08\/Wappen-BCB-212x300.png\" class=\"attachment-medium size-medium wp-image-684\" alt=\"\" srcset=\"http:\/\/k1.arminia-strassburg.de\/wp-content\/uploads\/2020\/08\/Wappen-BCB-212x300.png 212w, http:\/\/k1.arminia-strassburg.de\/wp-content\/uploads\/2020\/08\/Wappen-BCB-725x1024.png 725w, http:\/\/k1.arminia-strassburg.de\/wp-content\/uploads\/2020\/08\/Wappen-BCB-768x1085.png 768w, http:\/\/k1.arminia-strassburg.de\/wp-content\/uploads\/2020\/08\/Wappen-BCB-1087x1536.png 1087w, http:\/\/k1.arminia-strassburg.de\/wp-content\/uploads\/2020\/08\/Wappen-BCB.png 1200w\" sizes=\"100vw\" \/>\t\t\t\t\t\t\t\t\t\t\t<figcaption class=\"widget-image-caption wp-caption-text\">Wappen des BCB<\/figcaption>\n\t\t\t\t\t\t\t\t\t\t<\/figure>\n\t\t\t\t\t\t\t\t\t<\/div>\n\t\t\t\t<\/div>\n\t\t\t\t\t<\/div>\n\t\t<\/div>\n\t\t\t\t\t<\/div>\n\t\t<\/section>\n\t\t\t\t<section class=\"elementor-section elementor-top-section elementor-element elementor-element-b406d7f elementor-section-boxed elementor-section-height-default elementor-section-height-default\" data-id=\"b406d7f\" data-element_type=\"section\" data-e-type=\"section\">\n\t\t\t\t\t\t<div class=\"elementor-container elementor-column-gap-default\">\n\t\t\t\t\t<div class=\"elementor-column elementor-col-33 elementor-top-column elementor-element elementor-element-f7c5574\" data-id=\"f7c5574\" data-element_type=\"column\" data-e-type=\"column\">\n\t\t\t<div class=\"elementor-widget-wrap elementor-element-populated\">\n\t\t\t\t\t\t<div class=\"elementor-element elementor-element-265598c elementor-widget elementor-widget-button\" data-id=\"265598c\" data-element_type=\"widget\" data-e-type=\"widget\" data-widget_type=\"button.default\">\n\t\t\t\t<div class=\"elementor-widget-container\">\n\t\t\t\t\t\t\t\t\t<div class=\"elementor-button-wrapper\">\n\t\t\t\t\t<a class=\"elementor-button elementor-button-link elementor-size-sm\" href=\"http:\/\/k1.arminia-strassburg.de\/?page_id=461\">\n\t\t\t\t\t\t<span class=\"elementor-button-content-wrapper\">\n\t\t\t\t\t\t\t\t\t<span class=\"elementor-button-text\">MEHR ZUR BURSCHENSCHAFT HOLZMINDA<\/span>\n\t\t\t\t\t<\/span>\n\t\t\t\t\t<\/a>\n\t\t\t\t<\/div>\n\t\t\t\t\t\t\t\t<\/div>\n\t\t\t\t<\/div>\n\t\t\t\t\t<\/div>\n\t\t<\/div>\n\t\t\t\t<div class=\"elementor-column elementor-col-33 elementor-top-column elementor-element elementor-element-96bb468\" data-id=\"96bb468\" data-element_type=\"column\" data-e-type=\"column\">\n\t\t\t<div class=\"elementor-widget-wrap elementor-element-populated\">\n\t\t\t\t\t\t<div class=\"elementor-element elementor-element-1655334 elementor-widget elementor-widget-button\" data-id=\"1655334\" data-element_type=\"widget\" data-e-type=\"widget\" data-widget_type=\"button.default\">\n\t\t\t\t<div class=\"elementor-widget-container\">\n\t\t\t\t\t\t\t\t\t<div class=\"elementor-button-wrapper\">\n\t\t\t\t\t<a class=\"elementor-button elementor-button-link elementor-size-sm\" href=\"http:\/\/k1.arminia-strassburg.de\/?page_id=465\">\n\t\t\t\t\t\t<span class=\"elementor-button-content-wrapper\">\n\t\t\t\t\t\t\t\t\t<span class=\"elementor-button-text\">MEHR ZUM KARTELL ROTER BURSCHENSCHAFTEN<\/span>\n\t\t\t\t\t<\/span>\n\t\t\t\t\t<\/a>\n\t\t\t\t<\/div>\n\t\t\t\t\t\t\t\t<\/div>\n\t\t\t\t<\/div>\n\t\t\t\t\t<\/div>\n\t\t<\/div>\n\t\t\t\t<div class=\"elementor-column elementor-col-33 elementor-top-column elementor-element elementor-element-1749ab2\" data-id=\"1749ab2\" data-element_type=\"column\" data-e-type=\"column\">\n\t\t\t<div class=\"elementor-widget-wrap elementor-element-populated\">\n\t\t\t\t\t\t<div class=\"elementor-element elementor-element-11f2fc2 elementor-widget elementor-widget-button\" data-id=\"11f2fc2\" data-element_type=\"widget\" data-e-type=\"widget\" data-widget_type=\"button.default\">\n\t\t\t\t<div class=\"elementor-widget-container\">\n\t\t\t\t\t\t\t\t\t<div class=\"elementor-button-wrapper\">\n\t\t\t\t\t<a class=\"elementor-button elementor-button-link elementor-size-sm\" href=\"http:\/\/k1.arminia-strassburg.de\/?page_id=133\">\n\t\t\t\t\t\t<span class=\"elementor-button-content-wrapper\">\n\t\t\t\t\t\t\t\t\t<span class=\"elementor-button-text\">ZUR\u00dcCK ZU FREUNDSCHAFTS-VERH\u00c4LTNISSE<\/span>\n\t\t\t\t\t<\/span>\n\t\t\t\t\t<\/a>\n\t\t\t\t<\/div>\n\t\t\t\t\t\t\t\t<\/div>\n\t\t\t\t<\/div>\n\t\t\t\t\t<\/div>\n\t\t<\/div>\n\t\t\t\t\t<\/div>\n\t\t<\/section>\n\t\t\t\t<section class=\"elementor-section elementor-top-section elementor-element elementor-element-98888c3 elementor-section-boxed elementor-section-height-default elementor-section-height-default\" data-id=\"98888c3\" data-element_type=\"section\" data-e-type=\"section\">\n\t\t\t\t\t\t<div class=\"elementor-container elementor-column-gap-default\">\n\t\t\t\t\t<div class=\"elementor-column elementor-col-100 elementor-top-column elementor-element elementor-element-b9717b4\" data-id=\"b9717b4\" data-element_type=\"column\" data-e-type=\"column\">\n\t\t\t<div class=\"elementor-widget-wrap elementor-element-populated\">\n\t\t\t\t\t\t<div class=\"elementor-element elementor-element-7c0974b elementor-widget elementor-widget-spacer\" data-id=\"7c0974b\" data-element_type=\"widget\" data-e-type=\"widget\" data-widget_type=\"spacer.default\">\n\t\t\t\t<div class=\"elementor-widget-container\">\n\t\t\t\t\t\t\t<div class=\"elementor-spacer\">\n\t\t\t<div class=\"elementor-spacer-inner\"><\/div>\n\t\t<\/div>\n\t\t\t\t\t\t<\/div>\n\t\t\t\t<\/div>\n\t\t\t\t\t<\/div>\n\t\t<\/div>\n\t\t\t\t\t<\/div>\n\t\t<\/section>\n\t\t\t\t<section class=\"elementor-section elementor-top-section elementor-element elementor-element-6e57c55 elementor-section-boxed elementor-section-height-default elementor-section-height-default\" data-id=\"6e57c55\" data-element_type=\"section\" data-e-type=\"section\">\n\t\t\t\t\t\t<div class=\"elementor-container elementor-column-gap-default\">\n\t\t\t\t\t<div class=\"elementor-column elementor-col-100 elementor-top-column elementor-element elementor-element-89a1cd3\" data-id=\"89a1cd3\" data-element_type=\"column\" data-e-type=\"column\">\n\t\t\t<div class=\"elementor-widget-wrap elementor-element-populated\">\n\t\t\t\t\t\t<div class=\"elementor-element elementor-element-62ccc7d elementor-align-center elementor-widget elementor-widget-button\" data-id=\"62ccc7d\" data-element_type=\"widget\" data-e-type=\"widget\" data-widget_type=\"button.default\">\n\t\t\t\t<div class=\"elementor-widget-container\">\n\t\t\t\t\t\t\t\t\t<div class=\"elementor-button-wrapper\">\n\t\t\t\t\t<a class=\"elementor-button elementor-button-link elementor-size-sm\" href=\"http:\/\/k1.arminia-strassburg.de\/?page_id=16(\u00f6ffnet%20in%20neuem%20Tab)\" id=\"impressumbutton\">\n\t\t\t\t\t\t<span class=\"elementor-button-content-wrapper\">\n\t\t\t\t\t\t<span class=\"elementor-button-icon\">\n\t\t\t\t<i aria-hidden=\"true\" class=\"fas fa-landmark\"><\/i>\t\t\t<\/span>\n\t\t\t\t\t\t\t\t\t<span class=\"elementor-button-text\">Impressum<\/span>\n\t\t\t\t\t<\/span>\n\t\t\t\t\t<\/a>\n\t\t\t\t<\/div>\n\t\t\t\t\t\t\t\t<\/div>\n\t\t\t\t<\/div>\n\t\t\t\t\t<\/div>\n\t\t<\/div>\n\t\t\t\t\t<\/div>\n\t\t<\/section>\n\t\t\t\t<\/div>\n\t\t","protected":false},"excerpt":{"rendered":"<p>Egal ob Rundreise oder ein komplettes Semester voller studentischem und interkulturellem Austausch, die insgesamt f\u00fcnf befreundeten Chilenischen Burschenschaften freuen sich auf Dich! Dieser Austausch beruht nat\u00fcrlich auf Gegenseitigkeit. Regelm\u00e4\u00dfig d\u00fcrfen auch wir Austauschstudenten aus Chile begr\u00fc\u00dfen.\u00a0Und so entstehen oft internationale Freundschaften und Kontakte die weit \u00fcber die Studienzeit hinaus bestehen. Deutsche Tradition in Chile 1843 &hellip; <\/p>\n<p class=\"link-more\"><a href=\"http:\/\/k1.arminia-strassburg.de\/?page_id=467\" class=\"more-link\"><span class=\"screen-reader-text\">\u201eChilenische Freundschaftsb\u00fcnde\u201c<\/span> weiterlesen<\/a><\/p>\n","protected":false},"author":1,"featured_media":0,"parent":133,"menu_order":0,"comment_status":"closed","ping_status":"closed","template":"","meta":{"footnotes":""},"class_list":["post-467","page","type-page","status-publish","hentry"],"_links":{"self":[{"href":"http:\/\/k1.arminia-strassburg.de\/index.php?rest_route=\/wp\/v2\/pages\/467","targetHints":{"allow":["GET"]}}],"collection":[{"href":"http:\/\/k1.arminia-strassburg.de\/index.php?rest_route=\/wp\/v2\/pages"}],"about":[{"href":"http:\/\/k1.arminia-strassburg.de\/index.php?rest_route=\/wp\/v2\/types\/page"}],"author":[{"embeddable":true,"href":"http:\/\/k1.arminia-strassburg.de\/index.php?rest_route=\/wp\/v2\/users\/1"}],"replies":[{"embeddable":true,"href":"http:\/\/k1.arminia-strassburg.de\/index.php?rest_route=%2Fwp%2Fv2%2Fcomments&post=467"}],"version-history":[{"count":20,"href":"http:\/\/k1.arminia-strassburg.de\/index.php?rest_route=\/wp\/v2\/pages\/467\/revisions"}],"predecessor-version":[{"id":1411,"href":"http:\/\/k1.arminia-strassburg.de\/index.php?rest_route=\/wp\/v2\/pages\/467\/revisions\/1411"}],"up":[{"embeddable":true,"href":"http:\/\/k1.arminia-strassburg.de\/index.php?rest_route=\/wp\/v2\/pages\/133"}],"wp:attachment":[{"href":"http:\/\/k1.arminia-strassburg.de\/index.php?rest_route=%2Fwp%2Fv2%2Fmedia&parent=467"}],"curies":[{"name":"wp","href":"https:\/\/api.w.org\/{rel}","templated":true}]}}